{"id":780,"date":"2020-04-27T18:20:03","date_gmt":"2020-04-27T18:20:03","guid":{"rendered":"https:\/\/vintes.ch\/?page_id=780"},"modified":"2025-11-03T10:55:26","modified_gmt":"2025-11-03T10:55:26","slug":"vintes","status":"publish","type":"page","link":"https:\/\/vintes.ch\/fr\/","title":{"rendered":"Vintes"},"content":{"rendered":"\t\t<div data-elementor-type=\"wp-page\" data-elementor-id=\"780\" class=\"elementor elementor-780 elementor-5\" data-elementor-post-type=\"page\">\n\t\t\t\t\t\t<section class=\"elementor-section elementor-top-section elementor-element elementor-element-1d0372a elementor-section-stretched elementor-section-full_width elementor-section-height-min-height elementor-section-height-default elementor-section-items-middle\" data-id=\"1d0372a\" data-element_type=\"section\" data-e-type=\"section\" data-settings=\"{&quot;stretch_section&quot;:&quot;section-stretched&quot;,&quot;background_background&quot;:&quot;classic&quot;}\">\n\t\t\t\t\t\t\t<div class=\"elementor-background-overlay\"><\/div>\n\t\t\t\t\t\t\t<div class=\"elementor-container elementor-column-gap-default\">\n\t\t\t\t\t<div class=\"elementor-column elementor-col-50 elementor-top-column elementor-element elementor-element-0761a66\" data-id=\"0761a66\" data-element_type=\"column\" data-e-type=\"column\" id=\"whiteback\" data-settings=\"{&quot;background_background&quot;:&quot;classic&quot;}\">\n\t\t\t<div class=\"elementor-widget-wrap elementor-element-populated\">\n\t\t\t\t\t<div class=\"elementor-background-overlay\"><\/div>\n\t\t\t\t\t\t<div class=\"elementor-element elementor-element-f4274ce elementor-widget elementor-widget-heading\" data-id=\"f4274ce\" data-element_type=\"widget\" data-e-type=\"widget\" data-widget_type=\"heading.default\">\n\t\t\t\t<div class=\"elementor-widget-container\">\n\t\t\t\t\t<h1 class=\"elementor-heading-title elementor-size-default\">VINTES <br> Association pour la <br>\nculture industrielle et <br>\nl'histoire technique en Suisse <br>\n<\/h1>\t\t\t\t<\/div>\n\t\t\t\t<\/div>\n\t\t\t\t\t<\/div>\n\t\t<\/div>\n\t\t\t\t<div class=\"elementor-column elementor-col-50 elementor-top-column elementor-element elementor-element-3ae5b95\" data-id=\"3ae5b95\" data-element_type=\"column\" data-e-type=\"column\">\n\t\t\t<div class=\"elementor-widget-wrap elementor-element-populated\">\n\t\t\t\t\t\t<div class=\"elementor-element elementor-element-f9c480e elementor-widget elementor-widget-text-editor\" data-id=\"f9c480e\" data-element_type=\"widget\" data-e-type=\"widget\" data-widget_type=\"text-editor.default\">\n\t\t\t\t<div class=\"elementor-widget-container\">\n\t\t\t\t\t\t\t\t\t<p>Les associations, fondations, collections publiques consacr\u00e9es \u00e0 l&rsquo;histoire technique et \u00e0 la culture industrielle ont besoin d&rsquo;un porte-parole national afin que leurs pr\u00e9occupations b\u00e9n\u00e9ficient du soutien n\u00e9cessaire. Les collections et les archives font partie int\u00e9grante de l&rsquo;identit\u00e9 suisse.<\/p>\t\t\t\t\t\t\t\t<\/div>\n\t\t\t\t<\/div>\n\t\t\t\t<div class=\"elementor-element elementor-element-8b89884 elementor-widget elementor-widget-text-editor\" data-id=\"8b89884\" data-element_type=\"widget\" data-e-type=\"widget\" data-widget_type=\"text-editor.default\">\n\t\t\t\t<div class=\"elementor-widget-container\">\n\t\t\t\t\t\t\t\t\t<p><em>Kilian T. Elsasser, propri\u00e9taire de Museumsfabrik et pr\u00e9sident fondateur de Vintes, Lucerne<\/em><\/p>\t\t\t\t\t\t\t\t<\/div>\n\t\t\t\t<\/div>\n\t\t\t\t\t<\/div>\n\t\t<\/div>\n\t\t\t\t\t<\/div>\n\t\t<\/section>\n\t\t\t\t<section class=\"elementor-section elementor-top-section elementor-element elementor-element-9424dee elementor-section-stretched elementor-section-full_width elementor-section-height-default elementor-section-height-default\" data-id=\"9424dee\" data-element_type=\"section\" data-e-type=\"section\" data-settings=\"{&quot;stretch_section&quot;:&quot;section-stretched&quot;}\">\n\t\t\t\t\t\t<div class=\"elementor-container elementor-column-gap-default\">\n\t\t\t\t\t<div class=\"elementor-column elementor-col-50 elementor-top-column elementor-element elementor-element-a7fd19f\" data-id=\"a7fd19f\" data-element_type=\"column\" data-e-type=\"column\" data-settings=\"{&quot;background_background&quot;:&quot;classic&quot;}\">\n\t\t\t<div class=\"elementor-widget-wrap elementor-element-populated\">\n\t\t\t\t\t\t<div class=\"elementor-element elementor-element-493ce7e elementor-widget elementor-widget-spacer\" data-id=\"493ce7e\" data-element_type=\"widget\" data-e-type=\"widget\" data-widget_type=\"spacer.default\">\n\t\t\t\t<div class=\"elementor-widget-container\">\n\t\t\t\t\t\t\t<div class=\"elementor-spacer\">\n\t\t\t<div class=\"elementor-spacer-inner\"><\/div>\n\t\t<\/div>\n\t\t\t\t\t\t<\/div>\n\t\t\t\t<\/div>\n\t\t\t\t\t<\/div>\n\t\t<\/div>\n\t\t\t\t<div class=\"elementor-column elementor-col-50 elementor-top-column elementor-element elementor-element-af38a03\" data-id=\"af38a03\" data-element_type=\"column\" data-e-type=\"column\">\n\t\t\t<div class=\"elementor-widget-wrap elementor-element-populated\">\n\t\t\t\t\t\t<div class=\"elementor-element elementor-element-383f129 elementor-widget elementor-widget-text-editor\" data-id=\"383f129\" data-element_type=\"widget\" data-e-type=\"widget\" data-widget_type=\"text-editor.default\">\n\t\t\t\t<div class=\"elementor-widget-container\">\n\t\t\t\t\t\t\t\t\t<h2>L&rsquo;h\u00e9ritage de l&rsquo;\u00e8re industrielle suisse<\/h2>\t\t\t\t\t\t\t\t<\/div>\n\t\t\t\t<\/div>\n\t\t\t\t<div class=\"elementor-element elementor-element-e8c5f91 elementor-widget elementor-widget-text-editor\" data-id=\"e8c5f91\" data-element_type=\"widget\" data-e-type=\"widget\" data-widget_type=\"text-editor.default\">\n\t\t\t\t<div class=\"elementor-widget-container\">\n\t\t\t\t\t\t\t\t\t<p>La Suisse dispose d&rsquo;un riche patrimoine mobilier et immobilier, t\u00e9moin d&rsquo;un d\u00e9veloppement industriel couronn\u00e9 de succ\u00e8s qui s&rsquo;\u00e9tend sur plus de 200 ans. \u00c0 la fin du XVIIIe si\u00e8cle, une nouvelle \u00e8re commence pour la Suisse, alors essentiellement agricole : l&rsquo;utilisation de l&rsquo;\u00e9nergie hydraulique, l&rsquo;introduction de la division du travail, des m\u00e9thodes de production rationnelles et de nombreuses inventions techniques.<\/p><p>De nombreux efforts sont d\u00e9ploy\u00e9s pour pr\u00e9server, collecter et \u00e9tudier cet h\u00e9ritage de l&rsquo;\u00e8re industrielle suisse. Diverses institutions priv\u00e9es et publiques se sont pench\u00e9es sur les th\u00e8mes de la culture industrielle et de l&rsquo;histoire technique. Certains de ces efforts ont d\u00e9j\u00e0 bien avanc\u00e9 et m\u00e9ritent une attention nationale, voire internationale. Mais il existe aussi de nombreux tr\u00e9sors enfouis \u00e0 d\u00e9couvrir, ainsi que quelques probl\u00e8mes non r\u00e9solus. Malheureusement, des t\u00e9moins importants de l&rsquo;histoire industrielle suisse ont d\u00e9j\u00e0 \u00e9t\u00e9 perdus, tandis que d&rsquo;autres objets et collections importantes sont menac\u00e9s.<\/p>\t\t\t\t\t\t\t\t<\/div>\n\t\t\t\t<\/div>\n\t\t\t\t\t<\/div>\n\t\t<\/div>\n\t\t\t\t\t<\/div>\n\t\t<\/section>\n\t\t\t\t<section class=\"elementor-section elementor-top-section elementor-element elementor-element-6e6cf41 elementor-section-boxed elementor-section-height-default elementor-section-height-default\" data-id=\"6e6cf41\" data-element_type=\"section\" data-e-type=\"section\">\n\t\t\t\t\t\t<div class=\"elementor-container elementor-column-gap-default\">\n\t\t\t\t\t<div class=\"elementor-column elementor-col-100 elementor-top-column elementor-element elementor-element-f82b777\" data-id=\"f82b777\" data-element_type=\"column\" data-e-type=\"column\">\n\t\t\t<div class=\"elementor-widget-wrap elementor-element-populated\">\n\t\t\t\t\t\t<div class=\"elementor-element elementor-element-9227794 elementor-widget elementor-widget-spacer\" data-id=\"9227794\" data-element_type=\"widget\" data-e-type=\"widget\" data-widget_type=\"spacer.default\">\n\t\t\t\t<div class=\"elementor-widget-container\">\n\t\t\t\t\t\t\t<div class=\"elementor-spacer\">\n\t\t\t<div class=\"elementor-spacer-inner\"><\/div>\n\t\t<\/div>\n\t\t\t\t\t\t<\/div>\n\t\t\t\t<\/div>\n\t\t\t\t\t<\/div>\n\t\t<\/div>\n\t\t\t\t\t<\/div>\n\t\t<\/section>\n\t\t\t\t<section class=\"elementor-section elementor-top-section elementor-element elementor-element-65202ec elementor-section-stretched elementor-section-full_width elementor-reverse-tablet elementor-reverse-mobile elementor-section-height-default elementor-section-height-default\" data-id=\"65202ec\" data-element_type=\"section\" data-e-type=\"section\" data-settings=\"{&quot;stretch_section&quot;:&quot;section-stretched&quot;}\">\n\t\t\t\t\t\t<div class=\"elementor-container elementor-column-gap-default\">\n\t\t\t\t\t<div class=\"elementor-column elementor-col-50 elementor-top-column elementor-element elementor-element-3555c6a\" data-id=\"3555c6a\" data-element_type=\"column\" data-e-type=\"column\">\n\t\t\t<div class=\"elementor-widget-wrap elementor-element-populated\">\n\t\t\t\t\t\t<div class=\"elementor-element elementor-element-9c64b08 elementor-widget elementor-widget-text-editor\" data-id=\"9c64b08\" data-element_type=\"widget\" data-e-type=\"widget\" data-widget_type=\"text-editor.default\">\n\t\t\t\t<div class=\"elementor-widget-container\">\n\t\t\t\t\t\t\t\t\t<h2>Association suisse pour la culture industrielle et l&rsquo;histoire technique VINTES<\/h2>\t\t\t\t\t\t\t\t<\/div>\n\t\t\t\t<\/div>\n\t\t\t\t<div class=\"elementor-element elementor-element-1b0597f elementor-widget elementor-widget-text-editor\" data-id=\"1b0597f\" data-element_type=\"widget\" data-e-type=\"widget\" data-widget_type=\"text-editor.default\">\n\t\t\t\t<div class=\"elementor-widget-container\">\n\t\t\t\t\t\t\t\t\t<p>L&rsquo;association suisse pour la culture industrielle et l&rsquo;histoire technique VINTES, exon\u00e9r\u00e9e d&rsquo;imp\u00f4ts, est une organisation fa\u00eeti\u00e8re regroupant des institutions de droit public qui se consacrent \u00e0 la collecte, \u00e0 la conservation et \u00e0 la diffusion d&rsquo;objets li\u00e9s \u00e0 la culture industrielle et \u00e0 l&rsquo;histoire technique. VINTES met en r\u00e9seau, propose des formations continues et rend compte chaque ann\u00e9e de ses activit\u00e9s et de celles de ses membres.<\/p><p>VINTES a pour objectif de mettre en place une structure solide afin de donner une place appropri\u00e9e \u00e0 la culture industrielle et \u00e0 l&rsquo;histoire technique dans la politique culturelle.<\/p>\t\t\t\t\t\t\t\t<\/div>\n\t\t\t\t<\/div>\n\t\t\t\t\t<\/div>\n\t\t<\/div>\n\t\t\t\t<div class=\"elementor-column elementor-col-50 elementor-top-column elementor-element elementor-element-11f0f42\" data-id=\"11f0f42\" data-element_type=\"column\" data-e-type=\"column\" data-settings=\"{&quot;background_background&quot;:&quot;classic&quot;}\">\n\t\t\t<div class=\"elementor-widget-wrap elementor-element-populated\">\n\t\t\t\t\t\t<div class=\"elementor-element elementor-element-2b171f1 elementor-widget elementor-widget-spacer\" data-id=\"2b171f1\" data-element_type=\"widget\" data-e-type=\"widget\" data-widget_type=\"spacer.default\">\n\t\t\t\t<div class=\"elementor-widget-container\">\n\t\t\t\t\t\t\t<div class=\"elementor-spacer\">\n\t\t\t<div class=\"elementor-spacer-inner\"><\/div>\n\t\t<\/div>\n\t\t\t\t\t\t<\/div>\n\t\t\t\t<\/div>\n\t\t\t\t\t<\/div>\n\t\t<\/div>\n\t\t\t\t\t<\/div>\n\t\t<\/section>\n\t\t\t\t<section class=\"elementor-section elementor-top-section elementor-element elementor-element-ff89b2d elementor-section-boxed elementor-section-height-default elementor-section-height-default\" data-id=\"ff89b2d\" data-element_type=\"section\" data-e-type=\"section\">\n\t\t\t\t\t\t<div class=\"elementor-container elementor-column-gap-default\">\n\t\t\t\t\t<div class=\"elementor-column elementor-col-100 elementor-top-column elementor-element elementor-element-c25e747\" data-id=\"c25e747\" data-element_type=\"column\" data-e-type=\"column\">\n\t\t\t<div class=\"elementor-widget-wrap elementor-element-populated\">\n\t\t\t\t\t\t<div class=\"elementor-element elementor-element-5c78294 elementor-widget elementor-widget-spacer\" data-id=\"5c78294\" data-element_type=\"widget\" data-e-type=\"widget\" data-widget_type=\"spacer.default\">\n\t\t\t\t<div class=\"elementor-widget-container\">\n\t\t\t\t\t\t\t<div class=\"elementor-spacer\">\n\t\t\t<div class=\"elementor-spacer-inner\"><\/div>\n\t\t<\/div>\n\t\t\t\t\t\t<\/div>\n\t\t\t\t<\/div>\n\t\t\t\t\t<\/div>\n\t\t<\/div>\n\t\t\t\t\t<\/div>\n\t\t<\/section>\n\t\t\t\t<section class=\"elementor-section elementor-top-section elementor-element elementor-element-4897cc0 elementor-section-stretched elementor-section-full_width elementor-section-height-default elementor-section-height-default\" data-id=\"4897cc0\" data-element_type=\"section\" data-e-type=\"section\" data-settings=\"{&quot;stretch_section&quot;:&quot;section-stretched&quot;}\">\n\t\t\t\t\t\t<div class=\"elementor-container elementor-column-gap-default\">\n\t\t\t\t\t<div class=\"elementor-column elementor-col-50 elementor-top-column elementor-element elementor-element-a3df46f\" data-id=\"a3df46f\" data-element_type=\"column\" data-e-type=\"column\" data-settings=\"{&quot;background_background&quot;:&quot;classic&quot;}\">\n\t\t\t<div class=\"elementor-widget-wrap elementor-element-populated\">\n\t\t\t\t\t\t<div class=\"elementor-element elementor-element-cdaefc8 elementor-widget elementor-widget-spacer\" data-id=\"cdaefc8\" data-element_type=\"widget\" data-e-type=\"widget\" data-widget_type=\"spacer.default\">\n\t\t\t\t<div class=\"elementor-widget-container\">\n\t\t\t\t\t\t\t<div class=\"elementor-spacer\">\n\t\t\t<div class=\"elementor-spacer-inner\"><\/div>\n\t\t<\/div>\n\t\t\t\t\t\t<\/div>\n\t\t\t\t<\/div>\n\t\t\t\t\t<\/div>\n\t\t<\/div>\n\t\t\t\t<div class=\"elementor-column elementor-col-50 elementor-top-column elementor-element elementor-element-4b080d9\" data-id=\"4b080d9\" data-element_type=\"column\" data-e-type=\"column\">\n\t\t\t<div class=\"elementor-widget-wrap elementor-element-populated\">\n\t\t\t\t\t\t<div class=\"elementor-element elementor-element-02aa118 elementor-widget elementor-widget-text-editor\" data-id=\"02aa118\" data-element_type=\"widget\" data-e-type=\"widget\" data-widget_type=\"text-editor.default\">\n\t\t\t\t<div class=\"elementor-widget-container\">\n\t\t\t\t\t\t\t\t\t<h2>L&rsquo;association a pour objectif :<\/h2>\t\t\t\t\t\t\t\t<\/div>\n\t\t\t\t<\/div>\n\t\t\t\t<div class=\"elementor-element elementor-element-e61e7a6 elementor-widget elementor-widget-text-editor\" data-id=\"e61e7a6\" data-element_type=\"widget\" data-e-type=\"widget\" data-widget_type=\"text-editor.default\">\n\t\t\t\t<div class=\"elementor-widget-container\">\n\t\t\t\t\t\t\t\t\t<ul><li>de pr\u00e9server et de transmettre le riche h\u00e9ritage de l&rsquo;histoire industrielle et technique suisse ;<\/li><li>de mettre en r\u00e9seau les institutions affili\u00e9es et de promouvoir les \u00e9changes mutuels ;<\/li><li>de cr\u00e9er une vue d&rsquo;ensemble des institutions actives dans les domaines de la culture industrielle et de l&rsquo;histoire technique et de les rendre visibles par le biais des m\u00e9dias \u00e9lectroniques et\/ou traditionnels ;<\/li><li>de cr\u00e9er des conditions cadres favorables pour les institutions actives dans le domaine de la culture industrielle et de l&rsquo;histoire de la technologie ;<\/li><li>de promouvoir la compr\u00e9hension des questions susmentionn\u00e9es aupr\u00e8s des \u00e9l\u00e8ves, des apprentis et des \u00e9tudiants ;<\/li><li>d\u2019\u00eatre un partenaire et un point de contact pour les universit\u00e9s, les \u00e9coles sp\u00e9cialis\u00e9es, les gymnases et autres \u00e9coles ;<\/li><li>de repr\u00e9senter les int\u00e9r\u00eats de l&rsquo;association aupr\u00e8s du public, des autorit\u00e9s et des milieux \u00e9conomiques ;<\/li><\/ul>\t\t\t\t\t\t\t\t<\/div>\n\t\t\t\t<\/div>\n\t\t\t\t\t<\/div>\n\t\t<\/div>\n\t\t\t\t\t<\/div>\n\t\t<\/section>\n\t\t\t\t<section class=\"elementor-section elementor-top-section elementor-element elementor-element-3f98de8 elementor-section-boxed elementor-section-height-default elementor-section-height-default\" data-id=\"3f98de8\" data-element_type=\"section\" data-e-type=\"section\">\n\t\t\t\t\t\t<div class=\"elementor-container elementor-column-gap-default\">\n\t\t\t\t\t<div class=\"elementor-column elementor-col-100 elementor-top-column elementor-element elementor-element-9b42408\" data-id=\"9b42408\" data-element_type=\"column\" data-e-type=\"column\">\n\t\t\t<div class=\"elementor-widget-wrap elementor-element-populated\">\n\t\t\t\t\t\t<div class=\"elementor-element elementor-element-9278d03 elementor-widget elementor-widget-spacer\" data-id=\"9278d03\" data-element_type=\"widget\" data-e-type=\"widget\" data-widget_type=\"spacer.default\">\n\t\t\t\t<div class=\"elementor-widget-container\">\n\t\t\t\t\t\t\t<div class=\"elementor-spacer\">\n\t\t\t<div class=\"elementor-spacer-inner\"><\/div>\n\t\t<\/div>\n\t\t\t\t\t\t<\/div>\n\t\t\t\t<\/div>\n\t\t\t\t\t<\/div>\n\t\t<\/div>\n\t\t\t\t\t<\/div>\n\t\t<\/section>\n\t\t\t\t<\/div>\n\t\t","protected":false},"excerpt":{"rendered":"<p>VINTES Association pour la culture industrielle et l&rsquo;histoire technique en Suisse Les associations, fondations, collections publiques consacr\u00e9es \u00e0 l&rsquo;histoire technique et \u00e0 la culture industrielle ont besoin d&rsquo;un porte-parole national afin que leurs pr\u00e9occupations b\u00e9n\u00e9ficient du soutien n\u00e9cessaire. Les collections et les archives font partie int\u00e9grante de l&rsquo;identit\u00e9 suisse. Kilian T. Elsasser, propri\u00e9taire de Museumsfabrik [&hellip;]<\/p>\n","protected":false},"author":4,"featured_media":0,"parent":0,"menu_order":0,"comment_status":"closed","ping_status":"closed","template":"","meta":{"footnotes":""},"class_list":["post-780","page","type-page","status-publish","hentry"],"_links":{"self":[{"href":"https:\/\/vintes.ch\/fr\/wp-json\/wp\/v2\/pages\/780","targetHints":{"allow":["GET"]}}],"collection":[{"href":"https:\/\/vintes.ch\/fr\/wp-json\/wp\/v2\/pages"}],"about":[{"href":"https:\/\/vintes.ch\/fr\/wp-json\/wp\/v2\/types\/page"}],"author":[{"embeddable":true,"href":"https:\/\/vintes.ch\/fr\/wp-json\/wp\/v2\/users\/4"}],"replies":[{"embeddable":true,"href":"https:\/\/vintes.ch\/fr\/wp-json\/wp\/v2\/comments?post=780"}],"version-history":[{"count":7,"href":"https:\/\/vintes.ch\/fr\/wp-json\/wp\/v2\/pages\/780\/revisions"}],"predecessor-version":[{"id":998,"href":"https:\/\/vintes.ch\/fr\/wp-json\/wp\/v2\/pages\/780\/revisions\/998"}],"wp:attachment":[{"href":"https:\/\/vintes.ch\/fr\/wp-json\/wp\/v2\/media?parent=780"}],"curies":[{"name":"wp","href":"https:\/\/api.w.org\/{rel}","templated":true}]}}